{"version":"1.0","provider_name":"Objectif Inclusion D\u00e9cines","provider_url":"https:\/\/objectif-inclusion-decines.com","author_name":"AdminDecines","author_url":"https:\/\/objectif-inclusion-decines.com\/index.php\/author\/admindecines\/","title":"Elementor #918 - Objectif Inclusion D\u00e9cines","type":"rich","width":600,"height":338,"html":"<blockquote class=\"wp-embedded-content\" data-secret=\"QtbKGwYPiz\"><a href=\"https:\/\/objectif-inclusion-decines.com\/index.php\/2024\/04\/26\/elementor-918\/\">Elementor #918<\/a><\/blockquote><iframe sandbox=\"allow-scripts\" security=\"restricted\" src=\"https:\/\/objectif-inclusion-decines.com\/index.php\/2024\/04\/26\/elementor-918\/embed\/#?secret=QtbKGwYPiz\" width=\"600\" height=\"338\" title=\"\u00ab\u00a0Elementor #918\u00a0\u00bb &#8212; Objectif Inclusion D\u00e9cines\" data-secret=\"QtbKGwYPiz\" frameborder=\"0\" marginwidth=\"0\" marginheight=\"0\" scrolling=\"no\" class=\"wp-embedded-content\"><\/iframe><script type=\"text\/javascript\">\n\/* <![CDATA[ *\/\n\/*! This file is auto-generated *\/\n!function(d,l){\"use strict\";l.querySelector&&d.addEventListener&&\"undefined\"!=typeof URL&&(d.wp=d.wp||{},d.wp.receiveEmbedMessage||(d.wp.receiveEmbedMessage=function(e){var t=e.data;if((t||t.secret||t.message||t.value)&&!\/[^a-zA-Z0-9]\/.test(t.secret)){for(var s,r,n,a=l.querySelectorAll('iframe[data-secret=\"'+t.secret+'\"]'),o=l.querySelectorAll('blockquote[data-secret=\"'+t.secret+'\"]'),c=new RegExp(\"^https?:$\",\"i\"),i=0;i<o.length;i++)o[i].style.display=\"none\";for(i=0;i<a.length;i++)s=a[i],e.source===s.contentWindow&&(s.removeAttribute(\"style\"),\"height\"===t.message?(1e3<(r=parseInt(t.value,10))?r=1e3:~~r<200&&(r=200),s.height=r):\"link\"===t.message&&(r=new URL(s.getAttribute(\"src\")),n=new URL(t.value),c.test(n.protocol))&&n.host===r.host&&l.activeElement===s&&(d.top.location.href=t.value))}},d.addEventListener(\"message\",d.wp.receiveEmbedMessage,!1),l.addEventListener(\"DOMContentLoaded\",function(){for(var e,t,s=l.querySelectorAll(\"iframe.wp-embedded-content\"),r=0;r<s.length;r++)(t=(e=s[r]).getAttribute(\"data-secret\"))||(t=Math.random().toString(36).substring(2,12),e.src+=\"#?secret=\"+t,e.setAttribute(\"data-secret\",t)),e.contentWindow.postMessage({message:\"ready\",secret:t},\"*\")},!1)))}(window,document);\n\/\/# sourceURL=https:\/\/objectif-inclusion-decines.com\/wp-includes\/js\/wp-embed.min.js\n\/* ]]> *\/\n<\/script>\n","description":"Retour sur la quatri\u00e8me \u00e9dition d&rsquo;Objectif Inclusion Emploi \u2728Objectif Inclusion Emploi \u2013 (Re)valoriser les m\u00e9tiers du prendre soin \u2728\u00a0\ud83d\udcf9 Retour en vid\u00e9o sur la quatri\u00e8me \u00e9dition\u00a0! \ud83d\udcf9\u00a0\ud83d\ude4f Un grand merci \u00e0 toutes et \u00e0 tous pour votre pr\u00e9sence, vos t\u00e9moignages et la richesse des \u00e9changes\u00a0!\u00a0\ud83d\udcc5 Vendredi 12 avril, Le\u00a0Collectif Objectif Inclusion D\u00e9cines, soutenu par le\u00a0Groupe &hellip; Continue reading","thumbnail_url":"https:\/\/objectif-inclusion-decines.com\/wp-content\/uploads\/2024\/04\/vignette-retour-OIE-2024-1024x416.png"}