{"id":83,"date":"2019-10-06T23:13:51","date_gmt":"2019-10-06T21:13:51","guid":{"rendered":"http:\/\/objectif-inclusion-decines.com\/?page_id=83"},"modified":"2023-09-11T09:43:53","modified_gmt":"2023-09-11T07:43:53","slug":"home","status":"publish","type":"page","link":"https:\/\/objectif-inclusion-decines.com\/","title":{"rendered":"Objectif Inclusion Decines"},"content":{"rendered":"<p>[vc_row tm_bgimagefixed=\u00a0\u00bb\u00a0\u00bb break_in_responsive=\u00a0\u00bb991&Prime; full_width=\u00a0\u00bbstretch_row\u00a0\u00bb css=\u00a0\u00bb.vc_custom_1550244680944{margin-top: 5px !important;padding-top: 95px !important;padding-bottom: 120px !important;background-image: url(http:\/\/demositewebclient.fr\/wp-content\/uploads\/2019\/02\/row-bg-one.png?id=3511) !important;background-position: center !important;background-repeat: no-repeat !important;background-size: cover !important;}\u00a0\u00bb tm_responsive_css=\u00a0\u00bb48931351|colbreak_no|||||||||colbreak_no|||||40px||0px||colbreak_no|0px||||10px|||||colbreak_no|||||||||\u00a0\u00bb][vc_column reduce_extra_padding=\u00a0\u00bb991&Prime; width=\u00a0\u00bb5\/12&Prime; tm_responsive_css=\u00a0\u00bb30619759|colbreak_no|||||||||colbreak_no||||0px|||||colbreak_no||||||||||colbreak_no|||||||||\u00a0\u00bb][vc_single_image image=\u00a0\u00bb20&Prime; img_size=\u00a0\u00bbfull\u00a0\u00bb alignment=\u00a0\u00bbcenter\u00a0\u00bb][\/vc_column][vc_column reduce_extra_padding=\u00a0\u00bb991&Prime; width=\u00a0\u00bb7\/12&Prime; tm_responsive_css=\u00a0\u00bb98608335|colbreak_no|||||||||colbreak_no|||||||||colbreak_no||||||||||colbreak_no|||||||||\u00a0\u00bb][vc_row_inner][vc_column_inner el_class=\u00a0\u00bbblockkdecines\u00a0\u00bb css=\u00a0\u00bb.vc_custom_1570401530169{padding-right: 25px !important;}\u00a0\u00bb]<div class=\"tm-element-heading-wrapper tm-heading-inner tm-element-align-left tm-seperator-solid tm-heading-style-vertical \"><section class=\"tm-vc_cta3-container\"><div class=\"tm-vc_general tm-vc_cta3 tm-cta3-only tm-vc_cta3-style-classic tm-vc_cta3-shape-rounded tm-vc_cta3-align-left tm-vc_cta3-color-transparent tm-vc_cta3-icon-size-md tm-vc_cta3-actions-no tm-cta3-without-desc\"><div class=\"tm-vc_cta3_content-container\"><div class=\"tm-vc_cta3-content\"><header class=\"tm-vc_cta3-content-header tm-wrap\"><div class=\"tm-vc_cta3-headers tm-wrap-cell\"><h2 class=\"tm-custom-heading \" >D\u00c9CINES-CHARPIEU 1er LABORATOIRE MEDICO-SOCIAL<\/h2>\n<h4 class=\"tm-custom-heading \" >100% INCLUSIF DE LA METROPOLE DE LYON<\/h4>\n<\/div><\/header><\/div><\/div><\/div><\/section><\/div> <!-- .tm-element-heading-wrapper container --> [vc_column_text]L&rsquo;Agence R\u00e9gionale de Sant\u00e9 et la M\u00e9tropole de Lyon soutiennent les op\u00e9rateurs du multip\u00f4le de D\u00e9cines-Charpieu pour exp\u00e9rimenter un mod\u00e8le m\u00e9dico-social conforme aux attentes du label \u00ab\u00a0Territoire 100 % inclusif\u00a0\u00bb, accord\u00e9 par le Secr\u00e9tariat d\u2019\u00c9tat charg\u00e9 des personnes handicap\u00e9es. L&rsquo;ambition est de lutter contre les ruptures de parcours des personnes en situation de handicap, en identifiant les conditions de r\u00e9ussite, les bonnes pratiques et les freins \u00e0 la r\u00e9alisation de la soci\u00e9t\u00e9 inclusive.<\/p>\n<p><strong>Ici se construit la ville 100% inclusive.<\/strong>[\/vc_column_text]\n\t\t<div class=\"tm-vc_btn3-container tm-vc_btn3-left vc_custom_1570399612354\"><a class=\"tm-vc_general tm-vc_btn3 tm-vc_btn3-size-md tm-vc_btn3-shape-round tm-vc_btn3-style-text tm-vc_btn3-weight-no tm-vc_btn3-icon-right tm-vc_btn3-color-skincolor\" href=\"http:\/\/objectif-inclusion-decines.com\/index.php\/inclusif-decines\/\" title=\"100% INCLUSIF\">EN SAVOIR PLUS <i class=\"tm-vc_btn3-icon themifyicon ti-angle-double-right\"><\/i><\/a><\/div>[vc_separator color=\u00a0\u00bbcustom\u00a0\u00bb css=\u00a0\u00bb.vc_custom_1549865164567{margin-bottom: 25px !important;padding-top: 8px !important;}\u00a0\u00bb accent_color=\u00a0\u00bb#f1f1f1&Prime;][\/vc_column_inner][\/vc_row_inner][\/vc_column][vc_column][\/vc_column][\/vc_row][vc_row tm_bgcolor=\u00a0\u00bbskincolor\u00a0\u00bb tm_bgimagefixed=\u00a0\u00bb\u00a0\u00bb full_width=\u00a0\u00bbstretch_row\u00a0\u00bb css=\u00a0\u00bb.vc_custom_1612478874991{padding-top: 30px !important;padding-bottom: 35px !important;background-image: url(http:\/\/demositewebclient.fr\/wp-content\/uploads\/2019\/02\/row-bg-three.jpg?id=3512) !important;background-position: center !important;background-repeat: no-repeat !important;background-size: cover !important;}\u00a0\u00bb tm_responsive_css=\u00a0\u00bb35719196|colbreak_no|||||||||colbreak_no|||||50px||0px||colbreak_no||||||||||colbreak_no|||||||||\u00a0\u00bb el_id=\u00a0\u00bbblocaction\u00a0\u00bb el_class=\u00a0\u00bbblocaction\u00a0\u00bb][vc_column width=\u00a0\u00bb7\/12&Prime; css=\u00a0\u00bb.vc_custom_1570402251545{margin-top: 30px !important;border-top-width: 0px !important;}\u00a0\u00bb el_id=\u00a0\u00bbactionbloc\u00a0\u00bb el_class=\u00a0\u00bbactionbloc\u00a0\u00bb][vc_row_inner][vc_column_inner css=\u00a0\u00bb.vc_custom_1558040957782{padding-right: 25px !important;}\u00a0\u00bb]<div class=\"tm-element-heading-wrapper tm-heading-inner tm-element-align-left tm-seperator-solid tm-heading-style-vertical \"><section class=\"tm-vc_cta3-container\"><div class=\"tm-vc_general tm-vc_cta3 tm-cta3-only tm-vc_cta3-style-classic tm-vc_cta3-shape-rounded tm-vc_cta3-align-left tm-vc_cta3-color-transparent tm-vc_cta3-icon-size-md tm-vc_cta3-actions-no tm-cta3-without-desc\"><div class=\"tm-vc_cta3_content-container\"><div class=\"tm-vc_cta3-content\"><header class=\"tm-vc_cta3-content-header tm-wrap\"><div class=\"tm-vc_cta3-headers tm-wrap-cell\"><h2 class=\"tm-custom-heading \" >DES ACTIONS CONCRETES POUR ACCOMPAGNER LES PARCOURS DE VIE<\/h2>\n<\/div><\/header><\/div><\/div><\/div><\/section><\/div> <!-- .tm-element-heading-wrapper container --> [vc_column_text]<\/p>\n<p class=\"p1\"><span class=\"s1\">L\u2019id\u00e9e est d\u2019embrasser toutes les composantes\u00a0de la \u00ab\u00a0vie normale\u00a0\u00bb sous le prisme de l\u2019inclusion\u00a0: avoir une vie de famille, avoir un travail, participer \u00e0 des activit\u00e9s de loisirs, faire garder ses enfants, faire ses courses, de d\u00e9placer, \u00e9tudier \u2026 <\/span><\/p>\n<p class=\"p1\"><span class=\"s1\">Que vous soyez citoyens, usagers de services et de commerces, aidants, <b>porteurs<\/b> de <b>handicap<\/b> ou non, professionnel de sant\u00e9, commer\u00e7ants \u2026 le principe est de penser de mani\u00e8re maligne et frugale pour mettre en lien des acteurs et <b>d\u00e9finir des actions<\/b> qui peuvent \u00eatre utiles dans un quotidien parfois complexe \u00e0 g\u00e9rer.<\/span><\/p>\n<p class=\"p1\"><span class=\"s1\">Devenez acteurs de la d\u00e9marche pour atteindre l\u2019objectif 100% inclusif \u00e0 D\u00e9cines-Charpieu : <a href=\"mailto:contact@objectif-inclusion-decines.com\">contactez-nous !<\/a> <\/span><\/p>\n<p>[\/vc_column_text][\/vc_column_inner][\/vc_row_inner][\/vc_column][vc_column width=\u00a0\u00bb5\/12&Prime; css=\u00a0\u00bb.vc_custom_1558040942476{margin-top: 30px !important;margin-bottom: -190px !important;border-top-width: 80px !important;}\u00a0\u00bb][vc_single_image image=\u00a0\u00bb42&Prime; img_size=\u00a0\u00bbfull\u00a0\u00bb alignment=\u00a0\u00bbcenter\u00a0\u00bb][\/vc_column][\/vc_row][vc_row tm_bgcolor=\u00a0\u00bbwhite\u00a0\u00bb tm_bgimagefixed=\u00a0\u00bb\u00a0\u00bb full_width=\u00a0\u00bbstretch_row\u00a0\u00bb disable_element=\u00a0\u00bbyes\u00a0\u00bb css=\u00a0\u00bb.vc_custom_1612462727802{padding-top: 140px !important;padding-bottom: 90px !important;background-image: url(http:\/\/demositewebclient.fr\/wp-content\/uploads\/2019\/02\/row-bg-three.jpg?id=3512) !important;background-position: center !important;background-repeat: no-repeat !important;background-size: cover !important;}\u00a0\u00bb tm_responsive_css=\u00a0\u00bb35719196|colbreak_no|||||||||colbreak_no|||||50px||0px||colbreak_no||||||||||colbreak_no|||||||||\u00a0\u00bb el_id=\u00a0\u00bbparticiperflow\u00a0\u00bb el_class=\u00a0\u00bbparticiperflow\u00a0\u00bb][vc_column tm_bgcolor=\u00a0\u00bbwhite\u00a0\u00bb css=\u00a0\u00bb.vc_custom_1558040196593{margin-top: -80px !important;margin-bottom: -90px !important;border-top-width: -230px !important;padding-top: -90px !important;}\u00a0\u00bb]<div class=\"themetechmount-boxes themetechmount-boxes-portfolio themetechmount-boxes-view-carousel themetechmount-boxes-col-six themetechmount-boxes-sortable-no themetechmount-boxes-textalign-left tm-cta3-rev-heading tm-boxes-carousel-arrows-above tm-boxes-txtalign-left  wpb_animate_when_almost_visible wpb_bounceInLeft bounceInLeft vc_custom_1570398198041\" data-tm-speed=\"1500\" data-tm-autoplay=\"1\" data-tm-autoplayspeed=\"4500\" data-tm-loop=\"1\" data-tm-dots=\"1\" data-tm-nav=\"above\" data-tm-centermode=\"0\" data-tm-centerpadding=\"300\" data-tm-pauseonfocus=\"1\" data-tm-pauseonhover=\"1\" data-tm-slidestoscroll=\"column\" data-tm-effecttype=\"slide\">\n\t\t<div class=\"themetechmount-boxes-inner themetechmount-boxes-portfolio-inner \"><div class=\"themetechmount-box-heading-wrapper tm-element-align-left\"><div class=\"tm-element-heading-wrapper tm-heading-inner tm-element-align-left tm-seperator-none tm-heading-style-vertical \"><section class=\"tm-vc_cta3-container\"><div class=\"tm-vc_general tm-vc_cta3 tm-cta3-only tm-vc_cta3-style-classic tm-vc_cta3-shape-rounded tm-vc_cta3-align-left tm-vc_cta3-color-transparent tm-vc_cta3-icon-size-md tm-vc_cta3-actions-no tm-cta3-without-desc\"><div class=\"tm-vc_cta3_content-container\"><div class=\"tm-vc_cta3-content\"><header class=\"tm-vc_cta3-content-header tm-wrap\"><div class=\"tm-vc_cta3-headers tm-wrap-cell\"><h2 class=\"tm-custom-heading \" >PARTICIPEZ AUX GROUPES DE TRAVAIL<\/h2>\n<\/div><\/header><\/div><\/div><\/div><\/section><\/div> <!-- .tm-element-heading-wrapper container --> <\/div> <!-- .tm-element-heading-wrapper container --> <\/div><!-- .themetechmount-boxes-inner -->   <\/div><!-- .themetechmount-boxes -->  [\/vc_column][\/vc_row][vc_row tm_bgcolor=\u00a0\u00bbwhite\u00a0\u00bb tm_bgimagefixed=\u00a0\u00bb\u00a0\u00bb break_in_responsive=\u00a0\u00bb991&Prime; full_width=\u00a0\u00bbstretch_row\u00a0\u00bb css=\u00a0\u00bb.vc_custom_1557346457214{padding-top: 190px !important;padding-bottom: -70px !important;}\u00a0\u00bb tm_responsive_css=\u00a0\u00bb60562684|colbreak_no|||||||||colbreak_no|0px||||50px||0px||colbreak_no||||||||||colbreak_no|||||||||\u00a0\u00bb][vc_column css=\u00a0\u00bb.vc_custom_1557347478927{margin-top: -170px !important;}\u00a0\u00bb]<div class=\"tm-element-heading-wrapper tm-heading-inner tm-element-align-left tm-seperator-solid tm-heading-style-horizontal  vc_custom_1559232735550\"><section class=\"tm-vc_cta3-container\"><div class=\"tm-vc_general tm-vc_cta3 tm-cta3-only tm-vc_cta3-style-classic tm-vc_cta3-shape-rounded tm-vc_cta3-align-left tm-vc_cta3-color-transparent tm-vc_cta3-icon-size-md tm-vc_cta3-actions-no tm-cta3-without-desc\"><div class=\"tm-vc_cta3_content-container\"><div class=\"tm-vc_cta3-content\"><header class=\"tm-vc_cta3-content-header tm-wrap\"><div class=\"tm-vc_cta3-headers tm-wrap-cell\"><h2 class=\"tm-custom-heading \" >LES ACTEURS<\/h2>\n<h4 class=\"tm-custom-heading \" >DU PROJET<\/h4>\n<\/div><\/header><\/div><\/div><\/div><\/section><\/div> <!-- .tm-element-heading-wrapper container --> [vc_column_text]<\/p>\n<p class=\"p1\"><span class=\"s1\">Les <b>acteurs<\/b> engag\u00e9s dans \u00ab\u00a0objectif 100% inclusif D\u00e9cines\u00a0\u00bb impulsent une nouvelle voix dans le m\u00e9dico-social int\u00e9grant des <b>m\u00e9thodes collaboratives<\/b> dans leurs pratiques o\u00f9 la <b>mixit\u00e9<\/b> est synonyme de richesse. Une <b>mixit\u00e9<\/b> de <b>fonctions<\/b>, particuli\u00e8rement appropri\u00e9es pour traiter la question de <b>l\u2019inclusion<\/b>.<\/span><\/p>\n<p class=\"p2\"><span class=\"s1\">Ils participent activement \u00e0 la <b>d\u00e9marche collaborative<\/b> reposant sur 4 principes fondamentaux pour la construction de projets inclusifs : <\/span><\/p>\n<ul class=\"ul1\">\n<li class=\"li2\"><span class=\"s1\">La <b>co-construction<\/b>\u00a0: mise en r\u00e9seau des acteurs pour construire des projets rassemblant les forces de chacun.<\/span><\/li>\n<li class=\"li2\"><span class=\"s1\"><b>L\u2019innovation<\/b>\u00a0: Innover dans les m\u00e9thodes et dans les projets au service des personnes d\u00e9pendantes et handicap\u00e9es.<\/span><\/li>\n<li class=\"li2\"><span class=\"s1\">La <b>mutualisation<\/b>\u00a0: Partager pour cr\u00e9er les conditions de la soci\u00e9t\u00e9 inclusive.\u00a0<\/span><\/li>\n<li class=\"li2\"><span class=\"s1\"><b>L\u2019essaimage<\/b>\u00a0: D\u00e9ployer les projets et envisager leur reproductibilit\u00e9.<\/span><\/li>\n<\/ul>\n<p>[\/vc_column_text][vc_row_inner][vc_column_inner width=\u00a0\u00bb1\/5&Prime;][vc_single_image image=\u00a0\u00bb25&Prime; onclick=\u00a0\u00bbcustom_link\u00a0\u00bb img_link_target=\u00a0\u00bb_blank\u00a0\u00bb link=\u00a0\u00bbhttps:\/\/www.fondation-ove.fr\/\u00a0\u00bb][\/vc_column_inner][vc_column_inner width=\u00a0\u00bb1\/5&Prime;][vc_single_image image=\u00a0\u00bb29&Prime; onclick=\u00a0\u00bbcustom_link\u00a0\u00bb img_link_target=\u00a0\u00bb_blank\u00a0\u00bb link=\u00a0\u00bbhttps:\/\/www.maison-retraite-morlot.fr\/\u00a0\u00bb][\/vc_column_inner][vc_column_inner width=\u00a0\u00bb1\/5&Prime;][vc_single_image image=\u00a0\u00bb171&Prime; onclick=\u00a0\u00bbcustom_link\u00a0\u00bb img_link_target=\u00a0\u00bb_blank\u00a0\u00bb link=\u00a0\u00bbhttp:\/\/www.em2c.com\/\u00a0\u00bb][\/vc_column_inner][vc_column_inner width=\u00a0\u00bb1\/5&Prime;][vc_single_image image=\u00a0\u00bb253&Prime; img_size=\u00a0\u00bb\u00a0\u00bb onclick=\u00a0\u00bbcustom_link\u00a0\u00bb img_link_target=\u00a0\u00bb_blank\u00a0\u00bb link=\u00a0\u00bbhttp:\/\/apajh.org\/index.php\u00a0\u00bb el_class=\u00a0\u00bblogo-acteur\u00a0\u00bb][\/vc_column_inner][vc_column_inner width=\u00a0\u00bb1\/5&Prime;][vc_single_image image=\u00a0\u00bb200&Prime; onclick=\u00a0\u00bbcustom_link\u00a0\u00bb img_link_target=\u00a0\u00bb_blank\u00a0\u00bb link=\u00a0\u00bbhttps:\/\/mengrov.com\/\u00a0\u00bb][\/vc_column_inner][\/vc_row_inner][vc_row_inner][vc_column_inner width=\u00a0\u00bb1\/5&Prime;][vc_single_image image=\u00a0\u00bb328&Prime; img_size=\u00a0\u00bb\u00a0\u00bb onclick=\u00a0\u00bbcustom_link\u00a0\u00bb img_link_target=\u00a0\u00bb_blank\u00a0\u00bb link=\u00a0\u00bbhttps:\/\/www.ars.sante.fr\/\u00a0\u00bb el_class=\u00a0\u00bblogo-acteur\u00a0\u00bb][\/vc_column_inner][vc_column_inner width=\u00a0\u00bb1\/5&Prime;][vc_single_image image=\u00a0\u00bb194&Prime; onclick=\u00a0\u00bbcustom_link\u00a0\u00bb img_link_target=\u00a0\u00bb_blank\u00a0\u00bb link=\u00a0\u00bbhttps:\/\/www.grandlyon.com\/\u00a0\u00bb][\/vc_column_inner][vc_column_inner width=\u00a0\u00bb1\/5&Prime;][vc_single_image image=\u00a0\u00bb27&Prime; onclick=\u00a0\u00bbcustom_link\u00a0\u00bb img_link_target=\u00a0\u00bb_blank\u00a0\u00bb link=\u00a0\u00bbhttps:\/\/www.decines.fr\/\u00a0\u00bb][\/vc_column_inner][vc_column_inner width=\u00a0\u00bb1\/5&Prime;][vc_single_image image=\u00a0\u00bb13&Prime; onclick=\u00a0\u00bbcustom_link\u00a0\u00bb img_link_target=\u00a0\u00bb_blank\u00a0\u00bb link=\u00a0\u00bbhttp:\/\/www.essse.fr\/\u00a0\u00bb][\/vc_column_inner][vc_column_inner width=\u00a0\u00bb1\/5&Prime;][vc_single_image image=\u00a0\u00bb28&Prime; onclick=\u00a0\u00bbcustom_link\u00a0\u00bb img_link_target=\u00a0\u00bb_blank\u00a0\u00bb link=\u00a0\u00bbhttps:\/\/www.ars.sante.fr\/\u00a0\u00bb][\/vc_column_inner][\/vc_row_inner][vc_row_inner content_placement=\u00a0\u00bbmiddle\u00a0\u00bb][vc_column_inner width=\u00a0\u00bb1\/4&Prime;][vc_single_image image=\u00a0\u00bb24&Prime; onclick=\u00a0\u00bbcustom_link\u00a0\u00bb img_link_target=\u00a0\u00bb_blank\u00a0\u00bb link=\u00a0\u00bbhttps:\/\/www.grandlyon.com\/\u00a0\u00bb][\/vc_column_inner][vc_column_inner width=\u00a0\u00bb1\/4&Prime;][vc_single_image image=\u00a0\u00bb10&Prime; onclick=\u00a0\u00bbcustom_link\u00a0\u00bb img_link_target=\u00a0\u00bb_blank\u00a0\u00bb link=\u00a0\u00bbhttps:\/\/www.decines-charpieu.fr\/\u00a0\u00bb][\/vc_column_inner][vc_column_inner width=\u00a0\u00bb1\/4&Prime;][vc_single_image image=\u00a0\u00bb670&Prime; img_size=\u00a0\u00bbmedium\u00a0\u00bb el_class=\u00a0\u00bblogo-acteur2&Prime;][\/vc_column_inner][vc_column_inner width=\u00a0\u00bb1\/4&Prime;][vc_single_image image=\u00a0\u00bb669&Prime; img_size=\u00a0\u00bbmedium\u00a0\u00bb el_class=\u00a0\u00bblogo-acteur2&Prime;][\/vc_column_inner][\/vc_row_inner][\/vc_column][\/vc_row][vc_row tm_bgcolor=\u00a0\u00bbskincolor\u00a0\u00bb tm_bgimagefixed=\u00a0\u00bb\u00a0\u00bb full_width=\u00a0\u00bbstretch_row\u00a0\u00bb content_placement=\u00a0\u00bbmiddle\u00a0\u00bb][vc_column]<div class=\"tm-element-heading-wrapper tm-heading-inner tm-element-align-left tm-seperator-solid tm-heading-style-vertical \"><section class=\"tm-vc_cta3-container\"><div class=\"tm-vc_general tm-vc_cta3 tm-cta3-only tm-vc_cta3-style-classic tm-vc_cta3-shape-rounded tm-vc_cta3-align-left tm-vc_cta3-color-transparent tm-vc_cta3-icon-size-md tm-vc_cta3-actions-no tm-cta3-without-desc\"><div class=\"tm-vc_cta3_content-container\"><div class=\"tm-vc_cta3-content\"><header class=\"tm-vc_cta3-content-header tm-wrap\"><div class=\"tm-vc_cta3-headers tm-wrap-cell\"><h2 class=\"tm-custom-heading \" >Dessine-moi un quartier inclusif !<\/h2>\n<h4 class=\"tm-custom-heading \" >Un guide p\u00e9dagogique pour d\u00e9velopper un territoire inclusif<\/h4>\n<\/div><\/header><\/div><\/div><\/div><\/section><\/div> <!-- .tm-element-heading-wrapper container --> [\/vc_column][vc_column width=\u00a0\u00bb5\/12&Prime;][vc_images_carousel images=\u00a0\u00bb663,664,665&Prime; img_size=\u00a0\u00bbfull\u00a0\u00bb onclick=\u00a0\u00bblink_no\u00a0\u00bb autoplay=\u00a0\u00bbyes\u00a0\u00bb wrap=\u00a0\u00bbyes\u00a0\u00bb][vc_column_text]<\/p>\n<p style=\"font-size: 12px; line-height: 1.7em;\"><em>Les Membres du collectif\u00a0impuls\u00e9 par\u00a0<\/em><a href=\"https:\/\/www.linkedin.com\/company\/groupe-em2c\/\"><em>Groupe em2c<\/em><\/a><em>\u00a0et la\u00a0<\/em><a href=\"https:\/\/www.linkedin.com\/company\/ove---oeuvre-des-villages-d'enfants\/\"><em>Fondation OVE<\/em><\/a><em>.\u00a0<\/em><a href=\"https:\/\/www.linkedin.com\/company\/federation-apajh\/\"><em>F\u00e9d\u00e9ration APAJH<\/em><\/a><em>,\u00a0<\/em><a href=\"https:\/\/www.linkedin.com\/company\/apfhandicap\/\"><em>APF France handicap<\/em><\/a><em>, EHPAD Morlot,\u00a0<\/em><a href=\"https:\/\/www.linkedin.com\/company\/association-grim\/\"><em>ASSOCIATION GRIM<\/em><\/a><em>,\u00a0<\/em><a href=\"https:\/\/www.linkedin.com\/company\/halppy-care\/\"><em>HALPPY care \u00a9<\/em><\/a><em>,\u00a0<\/em><a href=\"https:\/\/www.linkedin.com\/company\/messidor-association\/\"><em>Association Messidor<\/em><\/a><em>,\u00a0<\/em><a href=\"https:\/\/www.linkedin.com\/company\/mfara\/\"><em>Mutualit\u00e9 fran\u00e7aise Auvergne-Rh\u00f4ne-Alpes<\/em><\/a><em>\u00a0Pays de Savoie,\u00a0<a href=\"https:\/\/www.linkedin.com\/company\/ocellia\/\">Ocellia<\/a>.<br \/>\nAvec le soutien de la\u00a0<\/em><a href=\"https:\/\/www.linkedin.com\/company\/ville-de-d%C3%A9cines-charpieu\/\"><em>Ville de D\u00e9cines-Charpieu<\/em><\/a><em>,\u00a0<\/em><a href=\"https:\/\/www.linkedin.com\/company\/grand-lyon-la-m%C3%A9tropole\/\"><em>M\u00e9tropole de Lyon<\/em><\/a><em>, ARS,\u00a0<\/em><a href=\"https:\/\/www.linkedin.com\/company\/minist%C3%A8re-des-solidarites-de-la-sant%C3%A9\/\"><em>Minist\u00e8re des solidarit\u00e9s et de la sant\u00e9.<\/em><\/a><\/p>\n<p>[\/vc_column_text][\/vc_column][vc_column width=\u00a0\u00bb7\/12&Prime; css=\u00a0\u00bb.vc_custom_1638187117436{padding-left: 40px !important;}\u00a0\u00bb][vc_column_text]Pens\u00e9 pour les collectivit\u00e9s mais aussi pour les entreprises, les organisation ou toute personne souhaitant agir pour l\u2019inclusion des personnes en situation de handicap, ce guide con\u00e7u par les acteurs engag\u00e9s dans le collectif Objectif Inclusion D\u00e9cines pr\u00e9sente toutes les actions men\u00e9es dans le quartier d\u2019exp\u00e9rimentation D-Side (D\u00e9cines-Charpieu).<\/p>\n<p>Ces t\u00e9moignages d\u2019actions sont des inspiration\u00a0ayant vocation \u00e0 \u00eatre r\u00e9pliqu\u00e9es dans d\u2019autres villes de la M\u00e9tropole et de France et \u00e0 plus larges \u00e9chelles.<\/p>\n<p>L\u2019accent est \u00e9galement mis sur la mesure d\u2019impact\u00a0de chaque projet entrepris, afin d\u2019\u00eatre dans une logique d\u2019am\u00e9lioration constante, pour gagner en efficacit\u00e9 et en qualit\u00e9.[\/vc_column_text][vc_column_text]Con\u00e7u comme un guide p\u00e9dagogique augment\u00e9 (acc\u00e8s \u00e0 des \u00e9tudes, inspirations en lignes), l\u2019objectif est de partager les retours d\u2019exp\u00e9riences, les \u00e9cueils \u00e0 \u00e9viter pour cr\u00e9er les conditions de d\u00e9veloppement d\u2019un quartier inclusif.[\/vc_column_text][vc_btn title=\u00a0\u00bbLIRE EN LIGNE\u00a0\u00bb style=\u00a0\u00bboutline\u00a0\u00bb shape=\u00a0\u00bbround\u00a0\u00bb color=\u00a0\u00bbwhite\u00a0\u00bb align=\u00a0\u00bbcenter\u00a0\u00bb link=\u00a0\u00bburl:https%3A%2F%2Fwww.calameo.com%2Fread%2F006844628546e092f01bd||target:%20_blank|\u00a0\u00bb][\/vc_column][\/vc_row]<\/p>\n","protected":false},"excerpt":{"rendered":"<p>[vc_row tm_bgimagefixed=\u00a0\u00bb\u00a0\u00bb break_in_responsive=\u00a0\u00bb991&Prime; full_width=\u00a0\u00bbstretch_row\u00a0\u00bb css=\u00a0\u00bb.vc_custom_1550244680944{margin-top: 5px !important;padding-top: 95px !important;padding-bottom: 120px !important;background-image: url(http:\/\/demositewebclient.fr\/wp-content\/uploads\/2019\/02\/row-bg-one.png?id=3511) !important;background-position: center !important;background-repeat: no-repeat !important;background-size: cover !important;}\u00a0\u00bb tm_responsive_css=\u00a0\u00bb48931351|colbreak_no|||||||||colbreak_no|||||40px||0px||colbreak_no|0px||||10px|||||colbreak_no|||||||||\u00a0\u00bb][vc_column reduce_extra_padding=\u00a0\u00bb991&Prime; width=\u00a0\u00bb5\/12&Prime; tm_responsive_css=\u00a0\u00bb30619759|colbreak_no|||||||||colbreak_no||||0px|||||colbreak_no||||||||||colbreak_no|||||||||\u00a0\u00bb][vc_single_image image=\u00a0\u00bb20&Prime; img_size=\u00a0\u00bbfull\u00a0\u00bb alignment=\u00a0\u00bbcenter\u00a0\u00bb][\/vc_column][vc_column reduce_extra_padding=\u00a0\u00bb991&Prime; width=\u00a0\u00bb7\/12&Prime; tm_responsive_css=\u00a0\u00bb98608335|colbreak_no|||||||||colbreak_no|||||||||colbreak_no||||||||||colbreak_no|||||||||\u00a0\u00bb][vc_row_inner][vc_column_inner el_class=\u00a0\u00bbblockkdecines\u00a0\u00bb css=\u00a0\u00bb.vc_custom_1570401530169{padding-right: 25px !important;}\u00a0\u00bb][vc_column_text]L&rsquo;Agence R\u00e9gionale de Sant\u00e9 et la M\u00e9tropole de Lyon soutiennent les op\u00e9rateurs du multip\u00f4le de D\u00e9cines-Charpieu pour exp\u00e9rimenter un mod\u00e8le m\u00e9dico-social conforme aux &hellip; <a href=\"https:\/\/objectif-inclusion-decines.com\/\" class=\"more-link\">Continue reading <span class=\"screen-reader-text\">Objectif Inclusion Decines<\/span><\/a><\/p>\n","protected":false},"author":1,"featured_media":0,"parent":0,"menu_order":0,"comment_status":"closed","ping_status":"closed","template":"","meta":{"_uag_custom_page_level_css":"","footnotes":""},"class_list":["post-83","page","type-page","status-publish","hentry"],"yoast_head":"<!-- This site is optimized with the Yoast SEO plugin v27.4 - https:\/\/yoast.com\/product\/yoast-seo-wordpress\/ -->\n<title>Objectif Inclusion Decines - Objectif Inclusion D\u00e9cines<\/title>\n<meta name=\"robots\" content=\"index, follow, max-snippet:-1, max-image-preview:large, max-video-preview:-1\" \/>\n<link rel=\"canonical\" href=\"https:\/\/objectif-inclusion-decines.com\/\" \/>\n<meta property=\"og:locale\" content=\"fr_FR\" \/>\n<meta property=\"og:type\" content=\"article\" \/>\n<meta property=\"og:title\" content=\"Objectif Inclusion Decines - Objectif Inclusion D\u00e9cines\" \/>\n<meta property=\"og:description\" content=\"[vc_row tm_bgimagefixed=\u00a0\u00bb\u00a0\u00bb break_in_responsive=\u00a0\u00bb991&Prime; full_width=\u00a0\u00bbstretch_row\u00a0\u00bb css=\u00a0\u00bb.vc_custom_1550244680944{margin-top: 5px !important;padding-top: 95px !important;padding-bottom: 120px !important;background-image: url(http:\/\/demositewebclient.fr\/wp-content\/uploads\/2019\/02\/row-bg-one.png?id=3511) !important;background-position: center !important;background-repeat: no-repeat !important;background-size: cover !important;}\u00a0\u00bb tm_responsive_css=\u00a0\u00bb48931351|colbreak_no|||||||||colbreak_no|||||40px||0px||colbreak_no|0px||||10px|||||colbreak_no|||||||||\u00a0\u00bb][vc_column reduce_extra_padding=\u00a0\u00bb991&Prime; width=\u00a0\u00bb5\/12&Prime; tm_responsive_css=\u00a0\u00bb30619759|colbreak_no|||||||||colbreak_no||||0px|||||colbreak_no||||||||||colbreak_no|||||||||\u00a0\u00bb][vc_single_image image=\u00a0\u00bb20&Prime; img_size=\u00a0\u00bbfull\u00a0\u00bb alignment=\u00a0\u00bbcenter\u00a0\u00bb][\/vc_column][vc_column reduce_extra_padding=\u00a0\u00bb991&Prime; width=\u00a0\u00bb7\/12&Prime; tm_responsive_css=\u00a0\u00bb98608335|colbreak_no|||||||||colbreak_no|||||||||colbreak_no||||||||||colbreak_no|||||||||\u00a0\u00bb][vc_row_inner][vc_column_inner el_class=\u00a0\u00bbblockkdecines\u00a0\u00bb css=\u00a0\u00bb.vc_custom_1570401530169{padding-right: 25px !important;}\u00a0\u00bb][vc_column_text]L&rsquo;Agence R\u00e9gionale de Sant\u00e9 et la M\u00e9tropole de Lyon soutiennent les op\u00e9rateurs du multip\u00f4le de D\u00e9cines-Charpieu pour exp\u00e9rimenter un mod\u00e8le m\u00e9dico-social conforme aux &hellip; Continue reading Objectif Inclusion Decines\" \/>\n<meta property=\"og:url\" content=\"https:\/\/objectif-inclusion-decines.com\/\" \/>\n<meta property=\"og:site_name\" content=\"Objectif Inclusion D\u00e9cines\" \/>\n<meta property=\"article:modified_time\" content=\"2023-09-11T07:43:53+00:00\" \/>\n<meta name=\"twitter:card\" content=\"summary_large_image\" \/>\n<meta name=\"twitter:label1\" content=\"Dur\u00e9e de lecture estim\u00e9e\" \/>\n\t<meta name=\"twitter:data1\" content=\"8 minutes\" \/>\n<script type=\"application\/ld+json\" class=\"yoast-schema-graph\">{\"@context\":\"https:\\\/\\\/schema.org\",\"@graph\":[{\"@type\":\"WebPage\",\"@id\":\"https:\\\/\\\/objectif-inclusion-decines.com\\\/\",\"url\":\"https:\\\/\\\/objectif-inclusion-decines.com\\\/\",\"name\":\"Objectif Inclusion Decines - Objectif Inclusion D\u00e9cines\",\"isPartOf\":{\"@id\":\"https:\\\/\\\/objectif-inclusion-decines.com\\\/#website\"},\"datePublished\":\"2019-10-06T21:13:51+00:00\",\"dateModified\":\"2023-09-11T07:43:53+00:00\",\"breadcrumb\":{\"@id\":\"https:\\\/\\\/objectif-inclusion-decines.com\\\/#breadcrumb\"},\"inLanguage\":\"fr-FR\",\"potentialAction\":[{\"@type\":\"ReadAction\",\"target\":[\"https:\\\/\\\/objectif-inclusion-decines.com\\\/\"]}]},{\"@type\":\"BreadcrumbList\",\"@id\":\"https:\\\/\\\/objectif-inclusion-decines.com\\\/#breadcrumb\",\"itemListElement\":[{\"@type\":\"ListItem\",\"position\":1,\"name\":\"Accueil\",\"item\":\"https:\\\/\\\/objectif-inclusion-decines.com\\\/\"},{\"@type\":\"ListItem\",\"position\":2,\"name\":\"Objectif Inclusion Decines\"}]},{\"@type\":\"WebSite\",\"@id\":\"https:\\\/\\\/objectif-inclusion-decines.com\\\/#website\",\"url\":\"https:\\\/\\\/objectif-inclusion-decines.com\\\/\",\"name\":\"Objectif Inclusion D\u00e9cines\",\"description\":\"Objectif Inclusion D\u00e9cines\",\"potentialAction\":[{\"@type\":\"SearchAction\",\"target\":{\"@type\":\"EntryPoint\",\"urlTemplate\":\"https:\\\/\\\/objectif-inclusion-decines.com\\\/?s={search_term_string}\"},\"query-input\":{\"@type\":\"PropertyValueSpecification\",\"valueRequired\":true,\"valueName\":\"search_term_string\"}}],\"inLanguage\":\"fr-FR\"}]}<\/script>\n<!-- \/ Yoast SEO plugin. -->","yoast_head_json":{"title":"Objectif Inclusion Decines - Objectif Inclusion D\u00e9cines","robots":{"index":"index","follow":"follow","max-snippet":"max-snippet:-1","max-image-preview":"max-image-preview:large","max-video-preview":"max-video-preview:-1"},"canonical":"https:\/\/objectif-inclusion-decines.com\/","og_locale":"fr_FR","og_type":"article","og_title":"Objectif Inclusion Decines - Objectif Inclusion D\u00e9cines","og_description":"[vc_row tm_bgimagefixed=\u00a0\u00bb\u00a0\u00bb break_in_responsive=\u00a0\u00bb991&Prime; full_width=\u00a0\u00bbstretch_row\u00a0\u00bb css=\u00a0\u00bb.vc_custom_1550244680944{margin-top: 5px !important;padding-top: 95px !important;padding-bottom: 120px !important;background-image: url(http:\/\/demositewebclient.fr\/wp-content\/uploads\/2019\/02\/row-bg-one.png?id=3511) !important;background-position: center !important;background-repeat: no-repeat !important;background-size: cover !important;}\u00a0\u00bb tm_responsive_css=\u00a0\u00bb48931351|colbreak_no|||||||||colbreak_no|||||40px||0px||colbreak_no|0px||||10px|||||colbreak_no|||||||||\u00a0\u00bb][vc_column reduce_extra_padding=\u00a0\u00bb991&Prime; width=\u00a0\u00bb5\/12&Prime; tm_responsive_css=\u00a0\u00bb30619759|colbreak_no|||||||||colbreak_no||||0px|||||colbreak_no||||||||||colbreak_no|||||||||\u00a0\u00bb][vc_single_image image=\u00a0\u00bb20&Prime; img_size=\u00a0\u00bbfull\u00a0\u00bb alignment=\u00a0\u00bbcenter\u00a0\u00bb][\/vc_column][vc_column reduce_extra_padding=\u00a0\u00bb991&Prime; width=\u00a0\u00bb7\/12&Prime; tm_responsive_css=\u00a0\u00bb98608335|colbreak_no|||||||||colbreak_no|||||||||colbreak_no||||||||||colbreak_no|||||||||\u00a0\u00bb][vc_row_inner][vc_column_inner el_class=\u00a0\u00bbblockkdecines\u00a0\u00bb css=\u00a0\u00bb.vc_custom_1570401530169{padding-right: 25px !important;}\u00a0\u00bb][vc_column_text]L&rsquo;Agence R\u00e9gionale de Sant\u00e9 et la M\u00e9tropole de Lyon soutiennent les op\u00e9rateurs du multip\u00f4le de D\u00e9cines-Charpieu pour exp\u00e9rimenter un mod\u00e8le m\u00e9dico-social conforme aux &hellip; Continue reading Objectif Inclusion Decines","og_url":"https:\/\/objectif-inclusion-decines.com\/","og_site_name":"Objectif Inclusion D\u00e9cines","article_modified_time":"2023-09-11T07:43:53+00:00","twitter_card":"summary_large_image","twitter_misc":{"Dur\u00e9e de lecture estim\u00e9e":"8 minutes"},"schema":{"@context":"https:\/\/schema.org","@graph":[{"@type":"WebPage","@id":"https:\/\/objectif-inclusion-decines.com\/","url":"https:\/\/objectif-inclusion-decines.com\/","name":"Objectif Inclusion Decines - Objectif Inclusion D\u00e9cines","isPartOf":{"@id":"https:\/\/objectif-inclusion-decines.com\/#website"},"datePublished":"2019-10-06T21:13:51+00:00","dateModified":"2023-09-11T07:43:53+00:00","breadcrumb":{"@id":"https:\/\/objectif-inclusion-decines.com\/#breadcrumb"},"inLanguage":"fr-FR","potentialAction":[{"@type":"ReadAction","target":["https:\/\/objectif-inclusion-decines.com\/"]}]},{"@type":"BreadcrumbList","@id":"https:\/\/objectif-inclusion-decines.com\/#breadcrumb","itemListElement":[{"@type":"ListItem","position":1,"name":"Accueil","item":"https:\/\/objectif-inclusion-decines.com\/"},{"@type":"ListItem","position":2,"name":"Objectif Inclusion Decines"}]},{"@type":"WebSite","@id":"https:\/\/objectif-inclusion-decines.com\/#website","url":"https:\/\/objectif-inclusion-decines.com\/","name":"Objectif Inclusion D\u00e9cines","description":"Objectif Inclusion D\u00e9cines","potentialAction":[{"@type":"SearchAction","target":{"@type":"EntryPoint","urlTemplate":"https:\/\/objectif-inclusion-decines.com\/?s={search_term_string}"},"query-input":{"@type":"PropertyValueSpecification","valueRequired":true,"valueName":"search_term_string"}}],"inLanguage":"fr-FR"}]}},"uagb_featured_image_src":{"full":false,"thumbnail":false,"medium":false,"medium_large":false,"large":false,"1536x1536":false,"2048x2048":false,"themetechmount-img-blog":false,"themetechmount-img-blog-left":false,"themetechmount-img-blog-top":false,"themetechmount-img-portfolio":false,"themetechmount-img-team-member":false},"uagb_author_info":{"display_name":"AdminDecines","author_link":"https:\/\/objectif-inclusion-decines.com\/index.php\/author\/admindecines\/"},"uagb_comment_info":0,"uagb_excerpt":"[vc_row tm_bgimagefixed=\u00a0\u00bb\u00a0\u00bb break_in_responsive=\u00a0\u00bb991&Prime; full_width=\u00a0\u00bbstretch_row\u00a0\u00bb css=\u00a0\u00bb.vc_custom_1550244680944{margin-top: 5px !important;padding-top: 95px !important;padding-bottom: 120px !important;background-image: url(http:\/\/demositewebclient.fr\/wp-content\/uploads\/2019\/02\/row-bg-one.png?id=3511) !important;background-position: center !important;background-repeat: no-repeat !important;background-size: cover !important;}\u00a0\u00bb tm_responsive_css=\u00a0\u00bb48931351|colbreak_no|||||||||colbreak_no|||||40px||0px||colbreak_no|0px||||10px|||||colbreak_no|||||||||\u00a0\u00bb][vc_column reduce_extra_padding=\u00a0\u00bb991&Prime; width=\u00a0\u00bb5\/12&Prime; tm_responsive_css=\u00a0\u00bb30619759|colbreak_no|||||||||colbreak_no||||0px|||||colbreak_no||||||||||colbreak_no|||||||||\u00a0\u00bb][vc_single_image image=\u00a0\u00bb20&Prime; img_size=\u00a0\u00bbfull\u00a0\u00bb alignment=\u00a0\u00bbcenter\u00a0\u00bb][\/vc_column][vc_column reduce_extra_padding=\u00a0\u00bb991&Prime; width=\u00a0\u00bb7\/12&Prime; tm_responsive_css=\u00a0\u00bb98608335|colbreak_no|||||||||colbreak_no|||||||||colbreak_no||||||||||colbreak_no|||||||||\u00a0\u00bb][vc_row_inner][vc_column_inner el_class=\u00a0\u00bbblockkdecines\u00a0\u00bb css=\u00a0\u00bb.vc_custom_1570401530169{padding-right: 25px !important;}\u00a0\u00bb][vc_column_text]L&rsquo;Agence R\u00e9gionale de Sant\u00e9 et la M\u00e9tropole de Lyon soutiennent les op\u00e9rateurs du multip\u00f4le de D\u00e9cines-Charpieu pour exp\u00e9rimenter un mod\u00e8le m\u00e9dico-social conforme aux\u2026","_links":{"self":[{"href":"https:\/\/objectif-inclusion-decines.com\/index.php\/wp-json\/wp\/v2\/pages\/83","targetHints":{"allow":["GET"]}}],"collection":[{"href":"https:\/\/objectif-inclusion-decines.com\/index.php\/wp-json\/wp\/v2\/pages"}],"about":[{"href":"https:\/\/objectif-inclusion-decines.com\/index.php\/wp-json\/wp\/v2\/types\/page"}],"author":[{"embeddable":true,"href":"https:\/\/objectif-inclusion-decines.com\/index.php\/wp-json\/wp\/v2\/users\/1"}],"replies":[{"embeddable":true,"href":"https:\/\/objectif-inclusion-decines.com\/index.php\/wp-json\/wp\/v2\/comments?post=83"}],"version-history":[{"count":42,"href":"https:\/\/objectif-inclusion-decines.com\/index.php\/wp-json\/wp\/v2\/pages\/83\/revisions"}],"predecessor-version":[{"id":811,"href":"https:\/\/objectif-inclusion-decines.com\/index.php\/wp-json\/wp\/v2\/pages\/83\/revisions\/811"}],"wp:attachment":[{"href":"https:\/\/objectif-inclusion-decines.com\/index.php\/wp-json\/wp\/v2\/media?parent=83"}],"curies":[{"name":"wp","href":"https:\/\/api.w.org\/{rel}","templated":true}]}}